{"id":1435,"date":"2021-10-27T15:07:11","date_gmt":"2021-10-27T13:07:11","guid":{"rendered":"https:\/\/mobile.rackow-schulen.de\/?page_id=1435"},"modified":"2023-06-02T14:49:24","modified_gmt":"2023-06-02T12:49:24","slug":"fachschule-erzieher","status":"publish","type":"page","link":"https:\/\/rackow-schulen.de\/berlin\/bildungsangebot\/ausbildungen\/fachschule-erzieher\/","title":{"rendered":"Fachschule Erzieher"},"content":{"rendered":"\t\t<div data-elementor-type=\"wp-post\" data-elementor-id=\"1435\" class=\"elementor elementor-1435\" data-elementor-post-type=\"page\">\n\t\t\t\t\t\t<section class=\"elementor-section elementor-top-section elementor-element elementor-element-b9d9f37 animated-fast elementor-section-boxed elementor-section-height-default elementor-section-height-default\" data-id=\"b9d9f37\" data-element_type=\"section\" data-settings=\"{&quot;background_background&quot;:&quot;classic&quot;,&quot;animation&quot;:&quot;none&quot;}\">\n\t\t\t\t\t\t\t<div class=\"elementor-background-overlay\"><\/div>\n\t\t\t\t\t\t\t<div class=\"elementor-container elementor-column-gap-default\">\n\t\t\t\t\t<div class=\"elementor-column elementor-col-100 elementor-top-column elementor-element elementor-element-4094daf2\" data-id=\"4094daf2\" data-element_type=\"column\">\n\t\t\t<div class=\"elementor-widget-wrap elementor-element-populated\">\n\t\t\t\t\t\t<div class=\"elementor-element elementor-element-fda0857 elementor-widget elementor-widget-heading\" data-id=\"fda0857\" data-element_type=\"widget\" data-widget_type=\"heading.default\">\n\t\t\t\t<div class=\"elementor-widget-container\">\n\t\t\t<style>\/*! elementor - v3.23.0 - 05-08-2024 *\/\n.elementor-heading-title{padding:0;margin:0;line-height:1}.elementor-widget-heading .elementor-heading-title[class*=elementor-size-]>a{color:inherit;font-size:inherit;line-height:inherit}.elementor-widget-heading .elementor-heading-title.elementor-size-small{font-size:15px}.elementor-widget-heading .elementor-heading-title.elementor-size-medium{font-size:19px}.elementor-widget-heading .elementor-heading-title.elementor-size-large{font-size:29px}.elementor-widget-heading .elementor-heading-title.elementor-size-xl{font-size:39px}.elementor-widget-heading .elementor-heading-title.elementor-size-xxl{font-size:59px}<\/style><h1 class=\"elementor-heading-title elementor-size-default\">Erzieherausbildung - berufsbegleitend<\/h1>\t\t<\/div>\n\t\t\t\t<\/div>\n\t\t\t\t<div class=\"elementor-element elementor-element-58925471 elementor-widget-divider--view-line elementor-widget elementor-widget-divider\" data-id=\"58925471\" data-element_type=\"widget\" data-widget_type=\"divider.default\">\n\t\t\t\t<div class=\"elementor-widget-container\">\n\t\t\t<style>\/*! elementor - v3.23.0 - 05-08-2024 *\/\n.elementor-widget-divider{--divider-border-style:none;--divider-border-width:1px;--divider-color:#0c0d0e;--divider-icon-size:20px;--divider-element-spacing:10px;--divider-pattern-height:24px;--divider-pattern-size:20px;--divider-pattern-url:none;--divider-pattern-repeat:repeat-x}.elementor-widget-divider .elementor-divider{display:flex}.elementor-widget-divider .elementor-divider__text{font-size:15px;line-height:1;max-width:95%}.elementor-widget-divider .elementor-divider__element{margin:0 var(--divider-element-spacing);flex-shrink:0}.elementor-widget-divider .elementor-icon{font-size:var(--divider-icon-size)}.elementor-widget-divider .elementor-divider-separator{display:flex;margin:0;direction:ltr}.elementor-widget-divider--view-line_icon .elementor-divider-separator,.elementor-widget-divider--view-line_text .elementor-divider-separator{align-items:center}.elementor-widget-divider--view-line_icon .elementor-divider-separator:after,.elementor-widget-divider--view-line_icon .elementor-divider-separator:before,.elementor-widget-divider--view-line_text .elementor-divider-separator:after,.elementor-widget-divider--view-line_text .elementor-divider-separator:before{display:block;content:\"\";border-block-end:0;flex-grow:1;border-block-start:var(--divider-border-width) var(--divider-border-style) var(--divider-color)}.elementor-widget-divider--element-align-left .elementor-divider .elementor-divider-separator>.elementor-divider__svg:first-of-type{flex-grow:0;flex-shrink:100}.elementor-widget-divider--element-align-left .elementor-divider-separator:before{content:none}.elementor-widget-divider--element-align-left .elementor-divider__element{margin-left:0}.elementor-widget-divider--element-align-right .elementor-divider .elementor-divider-separator>.elementor-divider__svg:last-of-type{flex-grow:0;flex-shrink:100}.elementor-widget-divider--element-align-right .elementor-divider-separator:after{content:none}.elementor-widget-divider--element-align-right .elementor-divider__element{margin-right:0}.elementor-widget-divider--element-align-start .elementor-divider .elementor-divider-separator>.elementor-divider__svg:first-of-type{flex-grow:0;flex-shrink:100}.elementor-widget-divider--element-align-start .elementor-divider-separator:before{content:none}.elementor-widget-divider--element-align-start .elementor-divider__element{margin-inline-start:0}.elementor-widget-divider--element-align-end .elementor-divider .elementor-divider-separator>.elementor-divider__svg:last-of-type{flex-grow:0;flex-shrink:100}.elementor-widget-divider--element-align-end .elementor-divider-separator:after{content:none}.elementor-widget-divider--element-align-end .elementor-divider__element{margin-inline-end:0}.elementor-widget-divider:not(.elementor-widget-divider--view-line_text):not(.elementor-widget-divider--view-line_icon) .elementor-divider-separator{border-block-start:var(--divider-border-width) var(--divider-border-style) var(--divider-color)}.elementor-widget-divider--separator-type-pattern{--divider-border-style:none}.elementor-widget-divider--separator-type-pattern.elementor-widget-divider--view-line .elementor-divider-separator,.elementor-widget-divider--separator-type-pattern:not(.elementor-widget-divider--view-line) .elementor-divider-separator:after,.elementor-widget-divider--separator-type-pattern:not(.elementor-widget-divider--view-line) .elementor-divider-separator:before,.elementor-widget-divider--separator-type-pattern:not([class*=elementor-widget-divider--view]) .elementor-divider-separator{width:100%;min-height:var(--divider-pattern-height);-webkit-mask-size:var(--divider-pattern-size) 100%;mask-size:var(--divider-pattern-size) 100%;-webkit-mask-repeat:var(--divider-pattern-repeat);mask-repeat:var(--divider-pattern-repeat);background-color:var(--divider-color);-webkit-mask-image:var(--divider-pattern-url);mask-image:var(--divider-pattern-url)}.elementor-widget-divider--no-spacing{--divider-pattern-size:auto}.elementor-widget-divider--bg-round{--divider-pattern-repeat:round}.rtl .elementor-widget-divider .elementor-divider__text{direction:rtl}.e-con-inner>.elementor-widget-divider,.e-con>.elementor-widget-divider{width:var(--container-widget-width,100%);--flex-grow:var(--container-widget-flex-grow)}<\/style>\t\t<div class=\"elementor-divider\">\n\t\t\t<span class=\"elementor-divider-separator\">\n\t\t\t\t\t\t<\/span>\n\t\t<\/div>\n\t\t\t\t<\/div>\n\t\t\t\t<\/div>\n\t\t\t\t\t<\/div>\n\t\t<\/div>\n\t\t\t\t\t<\/div>\n\t\t<\/section>\n\t\t\t\t<section class=\"elementor-section elementor-top-section elementor-element elementor-element-505d740e elementor-section-full_width elementor-section-height-default elementor-section-height-default\" data-id=\"505d740e\" data-element_type=\"section\">\n\t\t\t\t\t\t<div class=\"elementor-container elementor-column-gap-no\">\n\t\t\t\t\t<div class=\"elementor-column elementor-col-50 elementor-top-column elementor-element elementor-element-5480f267\" data-id=\"5480f267\" data-element_type=\"column\">\n\t\t\t<div class=\"elementor-widget-wrap elementor-element-populated\">\n\t\t\t\t\t\t<div class=\"elementor-element elementor-element-622f813d elementor-widget elementor-widget-heading\" data-id=\"622f813d\" data-element_type=\"widget\" data-widget_type=\"heading.default\">\n\t\t\t\t<div class=\"elementor-widget-container\">\n\t\t\t<h2 class=\"elementor-heading-title elementor-size-default\">Fachschule f\u00fcr Sozialp\u00e4dagogik <br>(Teilzeit)<\/h2>\t\t<\/div>\n\t\t\t\t<\/div>\n\t\t\t\t<div class=\"elementor-element elementor-element-35d12d04 elementor-widget-divider--view-line elementor-widget elementor-widget-divider\" data-id=\"35d12d04\" data-element_type=\"widget\" data-widget_type=\"divider.default\">\n\t\t\t\t<div class=\"elementor-widget-container\">\n\t\t\t\t\t<div class=\"elementor-divider\">\n\t\t\t<span class=\"elementor-divider-separator\">\n\t\t\t\t\t\t<\/span>\n\t\t<\/div>\n\t\t\t\t<\/div>\n\t\t\t\t<\/div>\n\t\t\t\t<div class=\"elementor-element elementor-element-33cc5595 elementor-widget elementor-widget-heading\" data-id=\"33cc5595\" data-element_type=\"widget\" data-widget_type=\"heading.default\">\n\t\t\t\t<div class=\"elementor-widget-container\">\n\t\t\t<h2 class=\"elementor-heading-title elementor-size-default\">Dein Ziel...<\/h2>\t\t<\/div>\n\t\t\t\t<\/div>\n\t\t\t\t<div class=\"elementor-element elementor-element-59ea00c elementor-widget elementor-widget-text-editor\" data-id=\"59ea00c\" data-element_type=\"widget\" data-widget_type=\"text-editor.default\">\n\t\t\t\t<div class=\"elementor-widget-container\">\n\t\t\t<style>\/*! elementor - v3.23.0 - 05-08-2024 *\/\n.elementor-widget-text-editor.elementor-drop-cap-view-stacked .elementor-drop-cap{background-color:#69727d;color:#fff}.elementor-widget-text-editor.elementor-drop-cap-view-framed .elementor-drop-cap{color:#69727d;border:3px solid;background-color:transparent}.elementor-widget-text-editor:not(.elementor-drop-cap-view-default) .elementor-drop-cap{margin-top:8px}.elementor-widget-text-editor:not(.elementor-drop-cap-view-default) .elementor-drop-cap-letter{width:1em;height:1em}.elementor-widget-text-editor .elementor-drop-cap{float:left;text-align:center;line-height:1;font-size:50px}.elementor-widget-text-editor .elementor-drop-cap-letter{display:inline-block}<\/style>\t\t\t\t<p>Abschluss als staatlich gepr\u00fcfte\/-r Erzieher\/-in<\/p>\t\t\t\t\t\t<\/div>\n\t\t\t\t<\/div>\n\t\t\t\t<div class=\"elementor-element elementor-element-1b3cfd17 elementor-widget elementor-widget-heading\" data-id=\"1b3cfd17\" data-element_type=\"widget\" data-widget_type=\"heading.default\">\n\t\t\t\t<div class=\"elementor-widget-container\">\n\t\t\t<h2 class=\"elementor-heading-title elementor-size-default\">Du Hast...<\/h2>\t\t<\/div>\n\t\t\t\t<\/div>\n\t\t\t\t<div class=\"elementor-element elementor-element-1d846778 elementor-widget elementor-widget-text-editor\" data-id=\"1d846778\" data-element_type=\"widget\" data-widget_type=\"text-editor.default\">\n\t\t\t\t<div class=\"elementor-widget-container\">\n\t\t\t\t\t\t\t<p>den mittleren Schulabschluss und eine abgeschlossene Berufsausbildung<br \/><span style=\"font-style: inherit; font-weight: inherit;\">(alternativ 4 Jahre Berufserfahrung)<\/span><\/p>\t\t\t\t\t\t<\/div>\n\t\t\t\t<\/div>\n\t\t\t\t<div class=\"elementor-element elementor-element-1d1f37af elementor-widget elementor-widget-heading\" data-id=\"1d1f37af\" data-element_type=\"widget\" data-widget_type=\"heading.default\">\n\t\t\t\t<div class=\"elementor-widget-container\">\n\t\t\t<h4 class=\"elementor-heading-title elementor-size-default\">oder<\/h4>\t\t<\/div>\n\t\t\t\t<\/div>\n\t\t\t\t<div class=\"elementor-element elementor-element-7a28e5b elementor-widget elementor-widget-text-editor\" data-id=\"7a28e5b\" data-element_type=\"widget\" data-widget_type=\"text-editor.default\">\n\t\t\t\t<div class=\"elementor-widget-container\">\n\t\t\t\t\t\t\tdie Fachhochschulreife im sozialp\u00e4dagogischen Bereich, alternativ die Fachhochschulreife\/allgemeine Hochschulreife und eine 8-w\u00f6chige T\u00e4tigkeit im sozialp\u00e4dagogischen Bereich\t\t\t\t\t\t<\/div>\n\t\t\t\t<\/div>\n\t\t\t\t<div class=\"elementor-element elementor-element-af843ea elementor-widget elementor-widget-heading\" data-id=\"af843ea\" data-element_type=\"widget\" data-widget_type=\"heading.default\">\n\t\t\t\t<div class=\"elementor-widget-container\">\n\t\t\t<h4 class=\"elementor-heading-title elementor-size-default\">sowie<\/h4>\t\t<\/div>\n\t\t\t\t<\/div>\n\t\t\t\t<div class=\"elementor-element elementor-element-6d11c629 elementor-widget elementor-widget-text-editor\" data-id=\"6d11c629\" data-element_type=\"widget\" data-widget_type=\"text-editor.default\">\n\t\t\t\t<div class=\"elementor-widget-container\">\n\t\t\t\t\t\t\t<p>eine Praxisstelle\/Arbeitsvertrag im sozialp\u00e4dagogischen Bereich mit mind. 20 Wochenstunden<\/p>\t\t\t\t\t\t<\/div>\n\t\t\t\t<\/div>\n\t\t\t\t\t<\/div>\n\t\t<\/div>\n\t\t\t\t<div class=\"elementor-column elementor-col-50 elementor-top-column elementor-element elementor-element-5c9fa880 elementor-hidden-mobile\" data-id=\"5c9fa880\" data-element_type=\"column\" data-settings=\"{&quot;background_background&quot;:&quot;classic&quot;}\">\n\t\t\t<div class=\"elementor-widget-wrap elementor-element-populated\">\n\t\t\t\t\t\t<div class=\"elementor-element elementor-element-961824b elementor-widget elementor-widget-spacer\" data-id=\"961824b\" data-element_type=\"widget\" data-widget_type=\"spacer.default\">\n\t\t\t\t<div class=\"elementor-widget-container\">\n\t\t\t<style>\/*! elementor - v3.23.0 - 05-08-2024 *\/\n.elementor-column .elementor-spacer-inner{height:var(--spacer-size)}.e-con{--container-widget-width:100%}.e-con-inner>.elementor-widget-spacer,.e-con>.elementor-widget-spacer{width:var(--container-widget-width,var(--spacer-size));--align-self:var(--container-widget-align-self,initial);--flex-shrink:0}.e-con-inner>.elementor-widget-spacer>.elementor-widget-container,.e-con>.elementor-widget-spacer>.elementor-widget-container{height:100%;width:100%}.e-con-inner>.elementor-widget-spacer>.elementor-widget-container>.elementor-spacer,.e-con>.elementor-widget-spacer>.elementor-widget-container>.elementor-spacer{height:100%}.e-con-inner>.elementor-widget-spacer>.elementor-widget-container>.elementor-spacer>.elementor-spacer-inner,.e-con>.elementor-widget-spacer>.elementor-widget-container>.elementor-spacer>.elementor-spacer-inner{height:var(--container-widget-height,var(--spacer-size))}.e-con-inner>.elementor-widget-spacer.elementor-widget-empty,.e-con>.elementor-widget-spacer.elementor-widget-empty{position:relative;min-height:22px;min-width:22px}.e-con-inner>.elementor-widget-spacer.elementor-widget-empty .elementor-widget-empty-icon,.e-con>.elementor-widget-spacer.elementor-widget-empty .elementor-widget-empty-icon{position:absolute;top:0;bottom:0;left:0;right:0;margin:auto;padding:0;width:22px;height:22px}<\/style>\t\t<div class=\"elementor-spacer\">\n\t\t\t<div class=\"elementor-spacer-inner\"><\/div>\n\t\t<\/div>\n\t\t\t\t<\/div>\n\t\t\t\t<\/div>\n\t\t\t\t\t<\/div>\n\t\t<\/div>\n\t\t\t\t\t<\/div>\n\t\t<\/section>\n\t\t\t\t<section class=\"elementor-section elementor-top-section elementor-element elementor-element-271bf91 elementor-reverse-mobile elementor-section-boxed elementor-section-height-default elementor-section-height-default\" data-id=\"271bf91\" data-element_type=\"section\">\n\t\t\t\t\t\t\t<div class=\"elementor-background-overlay\"><\/div>\n\t\t\t\t\t\t\t<div class=\"elementor-container elementor-column-gap-no\">\n\t\t\t\t\t<div class=\"elementor-column elementor-col-100 elementor-top-column elementor-element elementor-element-28857a7\" data-id=\"28857a7\" data-element_type=\"column\">\n\t\t\t<div class=\"elementor-widget-wrap elementor-element-populated\">\n\t\t\t\t\t\t<div class=\"elementor-element elementor-element-679efe1 elementor-widget elementor-widget-heading\" data-id=\"679efe1\" data-element_type=\"widget\" data-widget_type=\"heading.default\">\n\t\t\t\t<div class=\"elementor-widget-container\">\n\t\t\t<h2 class=\"elementor-heading-title elementor-size-default\">Worum geht es?<\/h2>\t\t<\/div>\n\t\t\t\t<\/div>\n\t\t\t\t<div class=\"elementor-element elementor-element-6024bec elementor-widget-divider--view-line elementor-widget elementor-widget-divider\" data-id=\"6024bec\" data-element_type=\"widget\" data-widget_type=\"divider.default\">\n\t\t\t\t<div class=\"elementor-widget-container\">\n\t\t\t\t\t<div class=\"elementor-divider\">\n\t\t\t<span class=\"elementor-divider-separator\">\n\t\t\t\t\t\t<\/span>\n\t\t<\/div>\n\t\t\t\t<\/div>\n\t\t\t\t<\/div>\n\t\t\t\t<div class=\"elementor-element elementor-element-0391880 elementor-widget elementor-widget-text-editor\" data-id=\"0391880\" data-element_type=\"widget\" data-widget_type=\"text-editor.default\">\n\t\t\t\t<div class=\"elementor-widget-container\">\n\t\t\t\t\t\t\t<p style=\"background: white; margin: 0cm 0cm 7.5pt 0cm;\">Unsere Ausbildung zur staatlich gepr\u00fcften Erzieherin\/ zum staatlich gepr\u00fcften Erzieher findet in berufsbegleitender Form statt.\u00a0<\/p><p style=\"background: white; margin: 0cm 0cm 7.5pt 0cm;\"><span style=\"font-size: 1rem;\">Anders als bei der vollschulischen Ausbildung, arbeitest Du w\u00e4hrend Deiner Erzieherausbildung mindestens drei Tage in der Woche in einem sozialp\u00e4dagogischen T\u00e4tigkeitsfeld und verdienst bereits Dein eigenes Gehalt. An den anderen zwei Tagen der Woche besuchst Du unsere Fachschule.<\/span><span style=\"font-size: 1rem;\">\u00a0<\/span><\/p><p style=\"background: white; margin: 0cm 0cm 7.5pt 0cm;\"><span style=\"font-style: inherit; font-weight: inherit;\">Dies bedeutet, dass Du w\u00e4hrend der Erzieherausbildung mindestens 20 Stunden in der Woche in einem sozialp\u00e4dagogischen Bereich (z. B. Kita, Hort, Grundschule) t\u00e4tig bist und berufsbegleitend unsere Fachschule f\u00fcr Sozialp\u00e4dagogik besuchst.\u00a0<\/span><span style=\"font-style: inherit; font-weight: inherit;\">Im Rahmen der berufsbegleitenden Erzieherausbildung (Teilzeitstudium)\u00a0<\/span><span style=\"font-style: inherit; font-weight: inherit;\">erwirbst Du nicht nur Kenntnisse \u00fcber erziehungswissenschaftlichen Theorien, sondern kannst auch Deine gestalterischen und handwerklichen F\u00e4higkeiten f\u00f6rdern.\u00a0<\/span><span style=\"font-size: 1rem; font-style: inherit; font-weight: inherit;\">Das hier erworbene fachtheoretische Wissen kannst Du in diesem Ausbildungsmodell\u00a0<\/span><span style=\"font-size: 1rem; font-style: inherit; font-weight: inherit;\">unmittelbar anwenden. Der deutlich h<\/span><span style=\"font-size: 1rem; font-style: inherit; font-weight: inherit;\">\u00f6here Praxisanteil bereitet Dich optimal auf\u00a0<\/span><span style=\"font-size: 1rem; font-style: inherit; font-weight: inherit;\">das Berufsleben vor.<\/span><\/p>\t\t\t\t\t\t<\/div>\n\t\t\t\t<\/div>\n\t\t\t\t<div class=\"elementor-element elementor-element-8e28d3d elementor-widget-divider--view-line elementor-widget elementor-widget-divider\" data-id=\"8e28d3d\" data-element_type=\"widget\" data-widget_type=\"divider.default\">\n\t\t\t\t<div class=\"elementor-widget-container\">\n\t\t\t\t\t<div class=\"elementor-divider\">\n\t\t\t<span class=\"elementor-divider-separator\">\n\t\t\t\t\t\t<\/span>\n\t\t<\/div>\n\t\t\t\t<\/div>\n\t\t\t\t<\/div>\n\t\t\t\t<div class=\"elementor-element elementor-element-1eeab73 elementor-widget__width-initial elementor-widget elementor-widget-text-editor\" data-id=\"1eeab73\" data-element_type=\"widget\" data-widget_type=\"text-editor.default\">\n\t\t\t\t<div class=\"elementor-widget-container\">\n\t\t\t\t\t\t\t<p style=\"font-size: 16px; font-style: normal; font-weight: 600; margin: 0cm 0cm 7.5pt; background-image: initial; background-position: initial; background-size: initial; background-repeat: initial; background-attachment: initial; background-origin: initial; background-clip: initial;\">Deine Einsatzbereiche:<span style=\"font-style: inherit; font-weight: inherit;\">\u00a0Kindertagesst\u00e4tten und Schulhorten, Kinder- und Jugendwohnheimen, Wohneinrichtungen f\u00fcr Menschen mit Behinderung, Ferien- und Erholungsheime, Familienberatungsst\u00e4tten, Internate, Krankenh\u00e4user, Therapiezentren uvm.<\/span><\/p><p>Auf dem Weg des Erwachsenwerdens begleitest Du nicht nur Kinder und Jugendliche, Du setzt Dich auch mit Eltern, Institutionen und Beh\u00f6rden auseinander. Im Laufe der Ausbildung erarbeitest Du Dir entwicklungspsychologischen Grundlagen und Lerntheorien. Unsere Studierenden erfahren alles zum Thema Kinderliteratur, Sprachentwicklung und Sprachst\u00f6rungen. Du erlernst Techniken der kreativen Gestaltung und Bewegungserziehung. Unsere Fachschule setzt einen Ausbildungsschwerpunkt im Bereich Musik und Rhythmik f\u00fcr Kinder.<\/p>\t\t\t\t\t\t<\/div>\n\t\t\t\t<\/div>\n\t\t\t\t<div class=\"elementor-element elementor-element-e0a8631 elementor-widget-divider--view-line elementor-widget elementor-widget-divider\" data-id=\"e0a8631\" data-element_type=\"widget\" data-widget_type=\"divider.default\">\n\t\t\t\t<div class=\"elementor-widget-container\">\n\t\t\t\t\t<div class=\"elementor-divider\">\n\t\t\t<span class=\"elementor-divider-separator\">\n\t\t\t\t\t\t<\/span>\n\t\t<\/div>\n\t\t\t\t<\/div>\n\t\t\t\t<\/div>\n\t\t\t\t<div class=\"elementor-element elementor-element-a5dd4dc elementor-widget elementor-widget-text-editor\" data-id=\"a5dd4dc\" data-element_type=\"widget\" data-widget_type=\"text-editor.default\">\n\t\t\t\t<div class=\"elementor-widget-container\">\n\t\t\t\t\t\t\t<p>Mit erfolgreichem Abschluss der Erzieherausbildung bist Du staatlich gepr\u00fcfte Erzieherin\/ staatlich gepr\u00fcfter Erzieher und kannst in allen sozialp\u00e4dagogischen T\u00e4tigkeitsfeldern arbeiten. Deine staatliche Anerkennung erh\u00e4ltst Du \u00fcber die Senatsverwaltung f\u00fcr Bildung, Jugend und Familie.<\/p>\n<p>Durch die Kombination von theoretischem Unterricht und praktischer Erfahrung erhalten die Studierenden eine solide Grundlage f\u00fcr ihre zuk\u00fcnftige Karriere als Erzieherinnen und Erzieher.<\/p>\t\t\t\t\t\t<\/div>\n\t\t\t\t<\/div>\n\t\t\t\t\t<\/div>\n\t\t<\/div>\n\t\t\t\t\t<\/div>\n\t\t<\/section>\n\t\t\t\t<section class=\"elementor-section elementor-top-section elementor-element elementor-element-1e3849f elementor-section-boxed elementor-section-height-default elementor-section-height-default\" data-id=\"1e3849f\" data-element_type=\"section\">\n\t\t\t\t\t\t\t<div class=\"elementor-background-overlay\"><\/div>\n\t\t\t\t\t\t\t<div class=\"elementor-container elementor-column-gap-default\">\n\t\t\t\t\t<div class=\"elementor-column elementor-col-100 elementor-top-column elementor-element elementor-element-4013e25\" data-id=\"4013e25\" data-element_type=\"column\">\n\t\t\t<div class=\"elementor-widget-wrap elementor-element-populated\">\n\t\t\t\t\t\t<div class=\"elementor-element elementor-element-2557c0f elementor-widget elementor-widget-spacer\" data-id=\"2557c0f\" data-element_type=\"widget\" data-widget_type=\"spacer.default\">\n\t\t\t\t<div class=\"elementor-widget-container\">\n\t\t\t\t\t<div class=\"elementor-spacer\">\n\t\t\t<div class=\"elementor-spacer-inner\"><\/div>\n\t\t<\/div>\n\t\t\t\t<\/div>\n\t\t\t\t<\/div>\n\t\t\t\t<div class=\"elementor-element elementor-element-ce618b5 elementor-widget elementor-widget-heading\" data-id=\"ce618b5\" data-element_type=\"widget\" data-widget_type=\"heading.default\">\n\t\t\t\t<div class=\"elementor-widget-container\">\n\t\t\t<h2 class=\"elementor-heading-title elementor-size-default\">Zugangsvoraussetzungen<\/h2>\t\t<\/div>\n\t\t\t\t<\/div>\n\t\t\t\t<div class=\"elementor-element elementor-element-d83fd26 elementor-widget-divider--view-line elementor-widget elementor-widget-divider\" data-id=\"d83fd26\" data-element_type=\"widget\" data-widget_type=\"divider.default\">\n\t\t\t\t<div class=\"elementor-widget-container\">\n\t\t\t\t\t<div class=\"elementor-divider\">\n\t\t\t<span class=\"elementor-divider-separator\">\n\t\t\t\t\t\t<\/span>\n\t\t<\/div>\n\t\t\t\t<\/div>\n\t\t\t\t<\/div>\n\t\t\t\t<div class=\"elementor-element elementor-element-9757a1f elementor-widget elementor-widget-eael-adv-tabs\" data-id=\"9757a1f\" data-element_type=\"widget\" data-widget_type=\"eael-adv-tabs.default\">\n\t\t\t\t<div class=\"elementor-widget-container\">\n\t\t\t        <div data-scroll-on-click=\"no\" data-scroll-speed=\"300\" id=\"eael-advance-tabs-9757a1f\" class=\"eael-advance-tabs eael-tabs-horizontal eael-tab-auto-active \" data-tabid=\"9757a1f\">\n            <div class=\"eael-tabs-nav \">\n                <ul class=\"\" role=\"tablist\">\n                                            <li id=\"wchentliche-ttigkeit\" class=\"active-default eael-tab-item-trigger eael-tab-nav-item\" aria-selected=\"true\" data-tab=\"1\" role=\"tab\" tabindex=\"0\" aria-controls=\"wchentliche-ttigkeit-tab\" aria-expanded=\"false\">\n                            \n                            \n                            \n                                                            <span class=\"eael-tab-title title-after-icon\" >W\u00f6chentliche T\u00e4tigkeit<\/span>                                                    <\/li>\n                                            <li id=\"fachhochschulreife\" class=\"active-default eael-tab-item-trigger eael-tab-nav-item\" aria-selected=\"false\" data-tab=\"2\" role=\"tab\" tabindex=\"-1\" aria-controls=\"fachhochschulreife-tab\" aria-expanded=\"false\">\n                            \n                            \n                            \n                                                            <span class=\"eael-tab-title title-after-icon\" >Fachhochschulreife<\/span>                                                    <\/li>\n                                            <li id=\"mittlerer-schulabschluss\" class=\"inactive eael-tab-item-trigger eael-tab-nav-item\" aria-selected=\"false\" data-tab=\"3\" role=\"tab\" tabindex=\"-1\" aria-controls=\"mittlerer-schulabschluss-tab\" aria-expanded=\"false\">\n                            \n                            \n                            \n                                                            <span class=\"eael-tab-title title-after-icon\" >Mittlerer Schulabschluss<\/span>                                                    <\/li>\n                    \n                                  <\/ul>\n            <\/div>\n            \n            <div class=\"eael-tabs-content\">\n\t\t        \n                    <div id=\"wchentliche-ttigkeit-tab\" class=\"clearfix eael-tab-content-item active-default\" data-title-link=\"wchentliche-ttigkeit-tab\">\n\t\t\t\t        <ul style=\"margin-left: .8cm;margin-right: .5cm\"><li style=\"text-align: left\">Nachweis einer w\u00f6chentlichen T\u00e4tigkeit von mindestens 20 Stunden in einer p\u00e4dagogischen Einrichtung w\u00e4hrend des gesamten Ausbildungszeitraumes.<\/li><\/ul>                    <\/div>\n\t\t        \n                    <div id=\"fachhochschulreife-tab\" class=\"clearfix eael-tab-content-item active-default\" data-title-link=\"fachhochschulreife-tab\">\n\t\t\t\t        <ul style=\"margin-left: .8cm;margin-right: .5cm\"><li>Fachhochschulreife oder die fachgebundene Hochschulreife mit dem Schwerpunkt Sozialp\u00e4dagogik <span style=\"text-decoration: underline\">oder<\/span><\/li><li>Fachhochschulreife oder die fachgebundene Hochschulreife in einem anderen Bildungsgang <span style=\"text-decoration: underline\">oder<\/span><\/li><li>Allgemeine Hochschulreife und Nachweis einer f\u00fcr das Fachschulstudium f\u00f6rderliche T\u00e4tigkeit von mindestens 8 Wochen<\/li><\/ul>                    <\/div>\n\t\t        \n                    <div id=\"mittlerer-schulabschluss-tab\" class=\"clearfix eael-tab-content-item inactive\" data-title-link=\"mittlerer-schulabschluss-tab\">\n\t\t\t\t        Mittlerer Schulabschluss <span style=\"text-decoration: underline\">sowie eine<\/span>\n<ul style=\"margin-left: .4cm;margin-right: .5cm\">\n \t<li style=\"list-style-type: none\">\n<ul style=\"margin-left: .8cm;margin-right: .5cm\">\n \t<li>Mind. 2-j\u00e4hrige einschl\u00e4gige Berufsausbildung <span style=\"text-decoration: underline\">oder<\/span><\/li>\n \t<li>Mind. 2-j\u00e4hrige Berufsausbildung mit Kammerpr\u00fcfung <span style=\"text-decoration: underline\">oder<\/span><\/li>\n \t<li>Mind. 3-j\u00e4hrige nicht einschl\u00e4gige Berufsausbildung <span style=\"text-decoration: underline\">oder<\/span><\/li>\n \t<li>Mind. 3-j\u00e4hrige einschl\u00e4gige Berufst\u00e4tigkeit <span style=\"text-decoration: underline\">oder<\/span><\/li>\n \t<li>Mind. 4-j\u00e4hrige nicht einschl\u00e4gige Berufst\u00e4tigkeit<\/li>\n<\/ul>\n<\/li>\n<\/ul>                    <\/div>\n\t\t                    <\/div>\n        <\/div>\n\t\t<\/div>\n\t\t\t\t<\/div>\n\t\t\t\t\t<\/div>\n\t\t<\/div>\n\t\t\t\t\t<\/div>\n\t\t<\/section>\n\t\t\t\t<section class=\"elementor-section elementor-top-section elementor-element elementor-element-41e9838 elementor-section-full_width elementor-section-height-default elementor-section-height-default\" data-id=\"41e9838\" data-element_type=\"section\" data-settings=\"{&quot;background_background&quot;:&quot;classic&quot;}\">\n\t\t\t\t\t\t\t<div class=\"elementor-background-overlay\"><\/div>\n\t\t\t\t\t\t\t<div class=\"elementor-container elementor-column-gap-no\">\n\t\t\t\t\t<div class=\"elementor-column elementor-col-100 elementor-top-column elementor-element elementor-element-008fbf0\" data-id=\"008fbf0\" data-element_type=\"column\">\n\t\t\t<div class=\"elementor-widget-wrap elementor-element-populated\">\n\t\t\t\t\t\t<div class=\"elementor-element elementor-element-8f718e8 elementor-widget elementor-widget-heading\" data-id=\"8f718e8\" data-element_type=\"widget\" data-widget_type=\"heading.default\">\n\t\t\t\t<div class=\"elementor-widget-container\">\n\t\t\t<h2 class=\"elementor-heading-title elementor-size-default\">Wichtige Fakten<\/h2>\t\t<\/div>\n\t\t\t\t<\/div>\n\t\t\t\t<div class=\"elementor-element elementor-element-4d87ba1 elementor-widget-divider--view-line elementor-widget elementor-widget-divider\" data-id=\"4d87ba1\" data-element_type=\"widget\" data-widget_type=\"divider.default\">\n\t\t\t\t<div class=\"elementor-widget-container\">\n\t\t\t\t\t<div class=\"elementor-divider\">\n\t\t\t<span class=\"elementor-divider-separator\">\n\t\t\t\t\t\t<\/span>\n\t\t<\/div>\n\t\t\t\t<\/div>\n\t\t\t\t<\/div>\n\t\t\t\t<section class=\"elementor-section elementor-inner-section elementor-element elementor-element-5f3746c elementor-section-boxed elementor-section-height-default elementor-section-height-default\" data-id=\"5f3746c\" data-element_type=\"section\">\n\t\t\t\t\t\t<div class=\"elementor-container elementor-column-gap-default\">\n\t\t\t\t\t<div class=\"elementor-column elementor-col-50 elementor-inner-column elementor-element elementor-element-b03d02b\" data-id=\"b03d02b\" data-element_type=\"column\">\n\t\t\t<div class=\"elementor-widget-wrap elementor-element-populated\">\n\t\t\t\t\t\t<div class=\"elementor-element elementor-element-7f1a720 elementor-widget elementor-widget-text-editor\" data-id=\"7f1a720\" data-element_type=\"widget\" data-widget_type=\"text-editor.default\">\n\t\t\t\t<div class=\"elementor-widget-container\">\n\t\t\t\t\t\t\t<h3>Fachrichtungsbezogene Lernfelder<\/h3><ul style=\"margin-left: .4cm; margin-right: .5cm;\"><li style=\"list-style-type: none;\">Lernfelder:<br \/><ol style=\"margin-left: 0.8cm;\"><li>Berufliche Identit\u00e4t und professionelle Perspektiven weiter entwickeln<\/li><li>P\u00e4dagogische Beziehungen gestalten und mit Gruppen p\u00e4dagogisch arbeiten<\/li><li>Lebenswelten und Diversit\u00e4t wahrnehmen, verstehen und Inklusion f\u00f6rdern<\/li><li>Sozialp\u00e4dagogische Bildungsarbeit in den Bildungsbereichen professionell gestalten<\/li><li>Erziehungs- und Bildungspartnerschaften mit Eltern und Bezugspersonen gestalten sowie \u00dcberg\u00e4nge unterst\u00fctzen<\/li><li>Institution, Team und Qualit\u00e4t entwickeln sowie in Netzwerken kooperieren<\/li><\/ol><\/li><\/ul>\t\t\t\t\t\t<\/div>\n\t\t\t\t<\/div>\n\t\t\t\t\t<\/div>\n\t\t<\/div>\n\t\t\t\t<div class=\"elementor-column elementor-col-50 elementor-inner-column elementor-element elementor-element-45f543e\" data-id=\"45f543e\" data-element_type=\"column\">\n\t\t\t<div class=\"elementor-widget-wrap elementor-element-populated\">\n\t\t\t\t\t\t<div class=\"elementor-element elementor-element-48c0c6e elementor-widget elementor-widget-heading\" data-id=\"48c0c6e\" data-element_type=\"widget\" data-widget_type=\"heading.default\">\n\t\t\t\t<div class=\"elementor-widget-container\">\n\t\t\t<h3 class=\"elementor-heading-title elementor-size-default\">Abschluss:<\/h3>\t\t<\/div>\n\t\t\t\t<\/div>\n\t\t\t\t<div class=\"elementor-element elementor-element-1a44ee6 elementor-widget elementor-widget-text-editor\" data-id=\"1a44ee6\" data-element_type=\"widget\" data-widget_type=\"text-editor.default\">\n\t\t\t\t<div class=\"elementor-widget-container\">\n\t\t\t\t\t\t\t<ul style=\"font-size: 16px; font-style: normal; font-weight: 600; margin-right: 0.5cm; margin-left: 0.8cm;\"><li style=\"font-size: 16px;\">staatlich gepr\u00fcfte\/-r Erzieher\/-in<\/li><li style=\"font-size: 16px;\">3 Jahre praktische Erfahrung im Berufsleben<\/li><\/ul>\t\t\t\t\t\t<\/div>\n\t\t\t\t<\/div>\n\t\t\t\t<div class=\"elementor-element elementor-element-9f0bc14 elementor-widget elementor-widget-heading\" data-id=\"9f0bc14\" data-element_type=\"widget\" data-widget_type=\"heading.default\">\n\t\t\t\t<div class=\"elementor-widget-container\">\n\t\t\t<h3 class=\"elementor-heading-title elementor-size-default\">Fachrichtungs\u00fcbergreifende Lernbereiche:<\/h3>\t\t<\/div>\n\t\t\t\t<\/div>\n\t\t\t\t<div class=\"elementor-element elementor-element-19a1ef8 elementor-widget elementor-widget-text-editor\" data-id=\"19a1ef8\" data-element_type=\"widget\" data-widget_type=\"text-editor.default\">\n\t\t\t\t<div class=\"elementor-widget-container\">\n\t\t\t\t\t\t\t<ul style=\"margin-left: .8cm; margin-right: .5cm;\"><li>Kommunikations- und sprachlicher Bereich<\/li><li>\u00c4sthetischer Bereich<\/li><li>Naturwissenschaftlich-technischer Bereich<\/li><\/ul>\t\t\t\t\t\t<\/div>\n\t\t\t\t<\/div>\n\t\t\t\t<div class=\"elementor-element elementor-element-90d3d3e elementor-widget elementor-widget-heading\" data-id=\"90d3d3e\" data-element_type=\"widget\" data-widget_type=\"heading.default\">\n\t\t\t\t<div class=\"elementor-widget-container\">\n\t\t\t<h3 class=\"elementor-heading-title elementor-size-default\">Unterrichtszeiten<\/h3>\t\t<\/div>\n\t\t\t\t<\/div>\n\t\t\t\t<div class=\"elementor-element elementor-element-b200aa6 elementor-widget elementor-widget-text-editor\" data-id=\"b200aa6\" data-element_type=\"widget\" data-widget_type=\"text-editor.default\">\n\t\t\t\t<div class=\"elementor-widget-container\">\n\t\t\t\t\t\t\t<ul style=\"margin-left: .8cm; margin-right: .5cm;\">\n \t<li>Teilzeitunterricht<\/li>\n \t<li>ca. 16-20 Wochenstunden an 2 Tagen<\/li>\n \t<li>jeweils von 08:00 bis 15:00 Uhr<\/li>\n<\/ul>\t\t\t\t\t\t<\/div>\n\t\t\t\t<\/div>\n\t\t\t\t<div class=\"elementor-element elementor-element-3a449f5 elementor-widget elementor-widget-heading\" data-id=\"3a449f5\" data-element_type=\"widget\" data-widget_type=\"heading.default\">\n\t\t\t\t<div class=\"elementor-widget-container\">\n\t\t\t<h3 class=\"elementor-heading-title elementor-size-default\">Lehrgangsgeb\u00fchr:<\/h3>\t\t<\/div>\n\t\t\t\t<\/div>\n\t\t\t\t<div class=\"elementor-element elementor-element-b016cfa elementor-widget elementor-widget-text-editor\" data-id=\"b016cfa\" data-element_type=\"widget\" data-widget_type=\"text-editor.default\">\n\t\t\t\t<div class=\"elementor-widget-container\">\n\t\t\t\t\t\t\t<p>Keine &#8211; die Fachschule f\u00fcr Sozialp\u00e4dagogik ist schulgeldbefreit<\/p>\t\t\t\t\t\t<\/div>\n\t\t\t\t<\/div>\n\t\t\t\t\t<\/div>\n\t\t<\/div>\n\t\t\t\t\t<\/div>\n\t\t<\/section>\n\t\t\t\t\t<\/div>\n\t\t<\/div>\n\t\t\t\t\t<\/div>\n\t\t<\/section>\n\t\t\t\t<section class=\"elementor-section elementor-top-section elementor-element elementor-element-b1d6ea7 elementor-section-full_width elementor-section-height-default elementor-section-height-default\" data-id=\"b1d6ea7\" data-element_type=\"section\">\n\t\t\t\t\t\t<div class=\"elementor-container elementor-column-gap-default\">\n\t\t\t\t\t<div class=\"elementor-column elementor-col-33 elementor-top-column elementor-element elementor-element-6832bb4e\" data-id=\"6832bb4e\" data-element_type=\"column\">\n\t\t\t<div class=\"elementor-widget-wrap elementor-element-populated\">\n\t\t\t\t\t\t<div class=\"elementor-element elementor-element-6d6b9786 elementor-widget elementor-widget-heading\" data-id=\"6d6b9786\" data-element_type=\"widget\" data-widget_type=\"heading.default\">\n\t\t\t\t<div class=\"elementor-widget-container\">\n\t\t\t<h2 class=\"elementor-heading-title elementor-size-default\">Bewirb dich noch heute<\/h2>\t\t<\/div>\n\t\t\t\t<\/div>\n\t\t\t\t<div class=\"elementor-element elementor-element-4dbd8e23 elementor-widget-divider--view-line elementor-widget elementor-widget-divider\" data-id=\"4dbd8e23\" data-element_type=\"widget\" data-widget_type=\"divider.default\">\n\t\t\t\t<div class=\"elementor-widget-container\">\n\t\t\t\t\t<div class=\"elementor-divider\">\n\t\t\t<span class=\"elementor-divider-separator\">\n\t\t\t\t\t\t<\/span>\n\t\t<\/div>\n\t\t\t\t<\/div>\n\t\t\t\t<\/div>\n\t\t\t\t<div class=\"elementor-element elementor-element-49f9161c elementor-widget elementor-widget-text-editor\" data-id=\"49f9161c\" data-element_type=\"widget\" data-widget_type=\"text-editor.default\">\n\t\t\t\t<div class=\"elementor-widget-container\">\n\t\t\t\t\t\t\t<p>Bewirb Dich noch heute, um Dir Deinen Schulplatz zu sichern!<\/p>\t\t\t\t\t\t<\/div>\n\t\t\t\t<\/div>\n\t\t\t\t<div class=\"elementor-element elementor-element-3195bb0e elementor-align-center elementor-widget elementor-widget-button\" data-id=\"3195bb0e\" data-element_type=\"widget\" data-widget_type=\"button.default\">\n\t\t\t\t<div class=\"elementor-widget-container\">\n\t\t\t\t\t<div class=\"elementor-button-wrapper\">\n\t\t\t<a class=\"elementor-button elementor-button-link elementor-size-md\" href=\"https:\/\/rackow-schulen.de\/berlin\/anfrageformular\/\">\n\t\t\t\t\t\t<span class=\"elementor-button-content-wrapper\">\n\t\t\t\t\t\t\t\t\t<span class=\"elementor-button-text\">Jetzt Bewerben<\/span>\n\t\t\t\t\t<\/span>\n\t\t\t\t\t<\/a>\n\t\t<\/div>\n\t\t\t\t<\/div>\n\t\t\t\t<\/div>\n\t\t\t\t\t<\/div>\n\t\t<\/div>\n\t\t\t\t<div class=\"elementor-column elementor-col-33 elementor-top-column elementor-element elementor-element-21e45f5\" data-id=\"21e45f5\" data-element_type=\"column\">\n\t\t\t<div class=\"elementor-widget-wrap elementor-element-populated\">\n\t\t\t\t\t\t<div class=\"elementor-element elementor-element-1b8080f0 elementor-widget elementor-widget-image\" data-id=\"1b8080f0\" data-element_type=\"widget\" data-widget_type=\"image.default\">\n\t\t\t\t<div class=\"elementor-widget-container\">\n\t\t\t<style>\/*! elementor - v3.23.0 - 05-08-2024 *\/\n.elementor-widget-image{text-align:center}.elementor-widget-image a{display:inline-block}.elementor-widget-image a img[src$=\".svg\"]{width:48px}.elementor-widget-image img{vertical-align:middle;display:inline-block}<\/style>\t\t\t\t\t\t\t\t\t\t<img decoding=\"async\" src=\"https:\/\/rackow-schulen.de\/berlin\/wp-content\/uploads\/elementor\/thumbs\/Maria-Christoph-py8hhcgs0fg5y9ahszuin72u9581se0ew2qpiyvda4.webp\" title=\"Maria Christoph\" alt=\"Maria Christoph\" loading=\"lazy\" \/>\t\t\t\t\t\t\t\t\t\t\t\t\t<\/div>\n\t\t\t\t<\/div>\n\t\t\t\t<div class=\"elementor-element elementor-element-6de19ebf elementor-widget elementor-widget-heading\" data-id=\"6de19ebf\" data-element_type=\"widget\" data-widget_type=\"heading.default\">\n\t\t\t\t<div class=\"elementor-widget-container\">\n\t\t\t<h3 class=\"elementor-heading-title elementor-size-default\">Ihre Ansprechpartnerin:<\/h3>\t\t<\/div>\n\t\t\t\t<\/div>\n\t\t\t\t<div class=\"elementor-element elementor-element-500ffbfd elementor-widget elementor-widget-text-editor\" data-id=\"500ffbfd\" data-element_type=\"widget\" data-widget_type=\"text-editor.default\">\n\t\t\t\t<div class=\"elementor-widget-container\">\n\t\t\t\t\t\t\tFrau Maria Christoph<br>\n<a href=\"mailto:bewerbung@rackow-berlin.de\">bewerbung@rackow-berlin.de<\/a>\t\t\t\t\t\t<\/div>\n\t\t\t\t<\/div>\n\t\t\t\t\t<\/div>\n\t\t<\/div>\n\t\t\t\t<div class=\"elementor-column elementor-col-33 elementor-top-column elementor-element elementor-element-459fe35b elementor-hidden-mobile\" data-id=\"459fe35b\" data-element_type=\"column\">\n\t\t\t<div class=\"elementor-widget-wrap elementor-element-populated\">\n\t\t\t\t\t\t<div class=\"elementor-element elementor-element-79c5cad5 elementor-hidden-mobile elementor-widget elementor-widget-spacer\" data-id=\"79c5cad5\" data-element_type=\"widget\" data-widget_type=\"spacer.default\">\n\t\t\t\t<div class=\"elementor-widget-container\">\n\t\t\t\t\t<div class=\"elementor-spacer\">\n\t\t\t<div class=\"elementor-spacer-inner\"><\/div>\n\t\t<\/div>\n\t\t\t\t<\/div>\n\t\t\t\t<\/div>\n\t\t\t\t\t<\/div>\n\t\t<\/div>\n\t\t\t\t\t<\/div>\n\t\t<\/section>\n\t\t\t\t<section class=\"elementor-section elementor-top-section elementor-element elementor-element-7d0e6175 elementor-section-full_width elementor-hidden-mobile elementor-section-height-default elementor-section-height-default\" data-id=\"7d0e6175\" data-element_type=\"section\" data-settings=\"{&quot;background_background&quot;:&quot;classic&quot;}\">\n\t\t\t\t\t\t<div class=\"elementor-container elementor-column-gap-no\">\n\t\t\t\t\t<div class=\"elementor-column elementor-col-25 elementor-top-column elementor-element elementor-element-cf46860\" data-id=\"cf46860\" data-element_type=\"column\" data-settings=\"{&quot;background_background&quot;:&quot;classic&quot;}\">\n\t\t\t<div class=\"elementor-widget-wrap elementor-element-populated\">\n\t\t\t\t\t\t<div class=\"elementor-element elementor-element-3adc5d6c elementor-widget elementor-widget-counter\" data-id=\"3adc5d6c\" data-element_type=\"widget\" data-widget_type=\"counter.default\">\n\t\t\t\t<div class=\"elementor-widget-container\">\n\t\t\t<style>\/*! elementor - v3.23.0 - 05-08-2024 *\/\n.elementor-counter{display:flex;justify-content:center;align-items:stretch;flex-direction:column-reverse}.elementor-counter .elementor-counter-number{flex-grow:var(--counter-number-grow,0)}.elementor-counter .elementor-counter-number-wrapper{flex:1;display:flex;font-size:69px;font-weight:600;line-height:1;text-align:center}.elementor-counter .elementor-counter-number-prefix{text-align:end;flex-grow:var(--counter-prefix-grow,1);white-space:pre-wrap}.elementor-counter .elementor-counter-number-suffix{text-align:start;flex-grow:var(--counter-suffix-grow,1);white-space:pre-wrap}.elementor-counter .elementor-counter-title{flex:1;display:flex;justify-content:center;align-items:center;margin:0;padding:0;font-size:19px;font-weight:400;line-height:2.5}<\/style>\t\t<div class=\"elementor-counter\">\n\t\t\t<div class=\"elementor-counter-title\">Monate<\/div>\t\t\t<div class=\"elementor-counter-number-wrapper\">\n\t\t\t\t<span class=\"elementor-counter-number-prefix\"><\/span>\n\t\t\t\t<span class=\"elementor-counter-number\" data-duration=\"1000\" data-to-value=\"36\" data-from-value=\"0\" data-delimiter=\",\">0<\/span>\n\t\t\t\t<span class=\"elementor-counter-number-suffix\"><\/span>\n\t\t\t<\/div>\n\t\t<\/div>\n\t\t\t\t<\/div>\n\t\t\t\t<\/div>\n\t\t\t\t<div class=\"elementor-element elementor-element-6b349ae6 elementor-widget-divider--view-line elementor-widget elementor-widget-divider\" data-id=\"6b349ae6\" data-element_type=\"widget\" data-widget_type=\"divider.default\">\n\t\t\t\t<div class=\"elementor-widget-container\">\n\t\t\t\t\t<div class=\"elementor-divider\">\n\t\t\t<span class=\"elementor-divider-separator\">\n\t\t\t\t\t\t<\/span>\n\t\t<\/div>\n\t\t\t\t<\/div>\n\t\t\t\t<\/div>\n\t\t\t\t\t<\/div>\n\t\t<\/div>\n\t\t\t\t<div class=\"elementor-column elementor-col-25 elementor-top-column elementor-element elementor-element-4132ef39\" data-id=\"4132ef39\" data-element_type=\"column\" data-settings=\"{&quot;background_background&quot;:&quot;classic&quot;}\">\n\t\t\t<div class=\"elementor-widget-wrap elementor-element-populated\">\n\t\t\t\t\t\t<div class=\"elementor-element elementor-element-5d359ac2 elementor-widget elementor-widget-counter\" data-id=\"5d359ac2\" data-element_type=\"widget\" data-widget_type=\"counter.default\">\n\t\t\t\t<div class=\"elementor-widget-container\">\n\t\t\t\t\t<div class=\"elementor-counter\">\n\t\t\t<div class=\"elementor-counter-title\">Lernfelder\/-bereiche<\/div>\t\t\t<div class=\"elementor-counter-number-wrapper\">\n\t\t\t\t<span class=\"elementor-counter-number-prefix\"><\/span>\n\t\t\t\t<span class=\"elementor-counter-number\" data-duration=\"1000\" data-to-value=\"9\" data-from-value=\"0\" data-delimiter=\",\">0<\/span>\n\t\t\t\t<span class=\"elementor-counter-number-suffix\"><\/span>\n\t\t\t<\/div>\n\t\t<\/div>\n\t\t\t\t<\/div>\n\t\t\t\t<\/div>\n\t\t\t\t<div class=\"elementor-element elementor-element-654888c3 elementor-widget-divider--view-line elementor-widget elementor-widget-divider\" data-id=\"654888c3\" data-element_type=\"widget\" data-widget_type=\"divider.default\">\n\t\t\t\t<div class=\"elementor-widget-container\">\n\t\t\t\t\t<div class=\"elementor-divider\">\n\t\t\t<span class=\"elementor-divider-separator\">\n\t\t\t\t\t\t<\/span>\n\t\t<\/div>\n\t\t\t\t<\/div>\n\t\t\t\t<\/div>\n\t\t\t\t\t<\/div>\n\t\t<\/div>\n\t\t\t\t<div class=\"elementor-column elementor-col-25 elementor-top-column elementor-element elementor-element-26f2f632\" data-id=\"26f2f632\" data-element_type=\"column\" data-settings=\"{&quot;background_background&quot;:&quot;classic&quot;}\">\n\t\t\t<div class=\"elementor-widget-wrap elementor-element-populated\">\n\t\t\t\t\t\t<div class=\"elementor-element elementor-element-350eeaab elementor-widget elementor-widget-counter\" data-id=\"350eeaab\" data-element_type=\"widget\" data-widget_type=\"counter.default\">\n\t\t\t\t<div class=\"elementor-widget-container\">\n\t\t\t\t\t<div class=\"elementor-counter\">\n\t\t\t<div class=\"elementor-counter-title\">Klassengr\u00f6\u00dfe<\/div>\t\t\t<div class=\"elementor-counter-number-wrapper\">\n\t\t\t\t<span class=\"elementor-counter-number-prefix\"><\/span>\n\t\t\t\t<span class=\"elementor-counter-number\" data-duration=\"1500\" data-to-value=\"22\" data-from-value=\"0\" data-delimiter=\",\">0<\/span>\n\t\t\t\t<span class=\"elementor-counter-number-suffix\"><\/span>\n\t\t\t<\/div>\n\t\t<\/div>\n\t\t\t\t<\/div>\n\t\t\t\t<\/div>\n\t\t\t\t<div class=\"elementor-element elementor-element-6619bbd1 elementor-widget-divider--view-line elementor-widget elementor-widget-divider\" data-id=\"6619bbd1\" data-element_type=\"widget\" data-widget_type=\"divider.default\">\n\t\t\t\t<div class=\"elementor-widget-container\">\n\t\t\t\t\t<div class=\"elementor-divider\">\n\t\t\t<span class=\"elementor-divider-separator\">\n\t\t\t\t\t\t<\/span>\n\t\t<\/div>\n\t\t\t\t<\/div>\n\t\t\t\t<\/div>\n\t\t\t\t\t<\/div>\n\t\t<\/div>\n\t\t\t\t<div class=\"elementor-column elementor-col-25 elementor-top-column elementor-element elementor-element-3fba33bb\" data-id=\"3fba33bb\" data-element_type=\"column\" data-settings=\"{&quot;background_background&quot;:&quot;classic&quot;}\">\n\t\t\t<div class=\"elementor-widget-wrap elementor-element-populated\">\n\t\t\t\t\t\t<div class=\"elementor-element elementor-element-15406122 elementor-widget elementor-widget-counter\" data-id=\"15406122\" data-element_type=\"widget\" data-widget_type=\"counter.default\">\n\t\t\t\t<div class=\"elementor-widget-container\">\n\t\t\t\t\t<div class=\"elementor-counter\">\n\t\t\t<div class=\"elementor-counter-title\">Wochenstunden<\/div>\t\t\t<div class=\"elementor-counter-number-wrapper\">\n\t\t\t\t<span class=\"elementor-counter-number-prefix\"><\/span>\n\t\t\t\t<span class=\"elementor-counter-number\" data-duration=\"1000\" data-to-value=\"20\" data-from-value=\"0\" data-delimiter=\",\">0<\/span>\n\t\t\t\t<span class=\"elementor-counter-number-suffix\"><\/span>\n\t\t\t<\/div>\n\t\t<\/div>\n\t\t\t\t<\/div>\n\t\t\t\t<\/div>\n\t\t\t\t<div class=\"elementor-element elementor-element-3dbbe481 elementor-widget-divider--view-line elementor-widget elementor-widget-divider\" data-id=\"3dbbe481\" data-element_type=\"widget\" data-widget_type=\"divider.default\">\n\t\t\t\t<div class=\"elementor-widget-container\">\n\t\t\t\t\t<div class=\"elementor-divider\">\n\t\t\t<span class=\"elementor-divider-separator\">\n\t\t\t\t\t\t<\/span>\n\t\t<\/div>\n\t\t\t\t<\/div>\n\t\t\t\t<\/div>\n\t\t\t\t\t<\/div>\n\t\t<\/div>\n\t\t\t\t\t<\/div>\n\t\t<\/section>\n\t\t\t\t<\/div>\n\t\t","protected":false},"excerpt":{"rendered":"<p>Erzieherausbildung &#8211; berufsbegleitend Fachschule f\u00fcr Sozialp\u00e4dagogik (Teilzeit) Dein Ziel&#8230; Abschluss als staatlich gepr\u00fcfte\/-r Erzieher\/-in Du Hast&#8230; den mittleren Schulabschluss und eine abgeschlossene Berufsausbildung(alternativ 4 Jahre Berufserfahrung) oder die Fachhochschulreife im sozialp\u00e4dagogischen Bereich, alternativ die Fachhochschulreife\/allgemeine Hochschulreife und eine 8-w\u00f6chige T\u00e4tigkeit im sozialp\u00e4dagogischen Bereich sowie eine Praxisstelle\/Arbeitsvertrag im sozialp\u00e4dagogischen Bereich mit mind. 20 Wochenstunden Worum geht [&hellip;]<\/p>\n","protected":false},"author":1,"featured_media":0,"parent":1362,"menu_order":0,"comment_status":"closed","ping_status":"closed","template":"","meta":{"site-sidebar-layout":"no-sidebar","site-content-layout":"page-builder","ast-site-content-layout":"","site-content-style":"default","site-sidebar-style":"default","ast-global-header-display":"","ast-banner-title-visibility":"","ast-main-header-display":"","ast-hfb-above-header-display":"","ast-hfb-below-header-display":"","ast-hfb-mobile-header-display":"","site-post-title":"disabled","ast-breadcrumbs-content":"","ast-featured-img":"disabled","footer-sml-layout":"","theme-transparent-header-meta":"default","adv-header-id-meta":"","stick-header-meta":"","header-above-stick-meta":"","header-main-stick-meta":"","header-below-stick-meta":"","astra-migrate-meta-layouts":"default","ast-page-background-enabled":"default","ast-page-background-meta":{"desktop":{"background-color":"","background-image":"","background-repeat":"repeat","background-position":"center center","background-size":"auto","background-attachment":"scroll","background-type":"","background-media":"","overlay-type":"","overlay-color":"","overlay-opacity":"","overlay-gradient":""},"tablet":{"background-color":"","background-image":"","background-repeat":"repeat","background-position":"center center","background-size":"auto","background-attachment":"scroll","background-type":"","background-media":"","overlay-type":"","overlay-color":"","overlay-opacity":"","overlay-gradient":""},"mobile":{"background-color":"","background-image":"","background-repeat":"repeat","background-position":"center center","background-size":"auto","background-attachment":"scroll","background-type":"","background-media":"","overlay-type":"","overlay-color":"","overlay-opacity":"","overlay-gradient":""}},"ast-content-background-meta":{"desktop":{"background-color":"var(--ast-global-color-5)","background-image":"","background-repeat":"repeat","background-position":"center center","background-size":"auto","background-attachment":"scroll","background-type":"","background-media":"","overlay-type":"","overlay-color":"","overlay-opacity":"","overlay-gradient":""},"tablet":{"background-color":"var(--ast-global-color-5)","background-image":"","background-repeat":"repeat","background-position":"center center","background-size":"auto","background-attachment":"scroll","background-type":"","background-media":"","overlay-type":"","overlay-color":"","overlay-opacity":"","overlay-gradient":""},"mobile":{"background-color":"var(--ast-global-color-5)","background-image":"","background-repeat":"repeat","background-position":"center center","background-size":"auto","background-attachment":"scroll","background-type":"","background-media":"","overlay-type":"","overlay-color":"","overlay-opacity":"","overlay-gradient":""}},"footnotes":"","_links_to":"","_links_to_target":""},"class_list":["post-1435","page","type-page","status-publish","hentry"],"yoast_head":"<!-- This site is optimized with the Yoast SEO Premium plugin v23.2 (Yoast SEO v26.9) - https:\/\/yoast.com\/product\/yoast-seo-premium-wordpress\/ -->\n<title>Fachschule Erzieher - Rackow-Schulen<\/title>\n<meta name=\"description\" content=\"Berufsbegleitende Ausbildung zur staatlich gepr\u00fcften Erzieherin\/ zum staatlich gepr\u00fcften Erzieher. Praxisbegleitendes Fachstudium. Bewerben Sie sich jetzt.\" \/>\n<meta name=\"robots\" content=\"index, follow, max-snippet:-1, max-image-preview:large, max-video-preview:-1\" \/>\n<link rel=\"canonical\" href=\"https:\/\/rackow-schulen.de\/berlin\/bildungsangebot\/ausbildungen\/fachschule-erzieher\/\" \/>\n<meta property=\"og:locale\" content=\"de_DE\" \/>\n<meta property=\"og:type\" content=\"article\" \/>\n<meta property=\"og:title\" content=\"Fachschule Erzieher\" \/>\n<meta property=\"og:description\" content=\"Berufsbegleitende Ausbildung zur staatlich gepr\u00fcften Erzieherin\/ zum staatlich gepr\u00fcften Erzieher. Praxisbegleitendes Fachstudium. Bewerben Sie sich jetzt.\" \/>\n<meta property=\"og:url\" content=\"https:\/\/rackow-schulen.de\/berlin\/bildungsangebot\/ausbildungen\/fachschule-erzieher\/\" \/>\n<meta property=\"og:site_name\" content=\"Rackow-Schulen\" \/>\n<meta property=\"article:publisher\" content=\"https:\/\/de-de.facebook.com\/RackowSchule\" \/>\n<meta property=\"article:modified_time\" content=\"2023-06-02T12:49:24+00:00\" \/>\n<meta property=\"og:image\" content=\"https:\/\/rackow-schulen.de\/berlin\/wp-content\/uploads\/elementor\/thumbs\/Maria-Christoph-py8hhcgs0fg5y9ahszuin72u9581se0ew2qpiyvda4.webp\" \/>\n<meta name=\"twitter:card\" content=\"summary_large_image\" \/>\n<meta name=\"twitter:label1\" content=\"Gesch\u00e4tzte Lesezeit\" \/>\n\t<meta name=\"twitter:data1\" content=\"4\u00a0Minuten\" \/>\n<script type=\"application\/ld+json\" class=\"yoast-schema-graph\">{\"@context\":\"https:\/\/schema.org\",\"@graph\":[{\"@type\":\"WebPage\",\"@id\":\"https:\/\/rackow-schulen.de\/berlin\/bildungsangebot\/ausbildungen\/fachschule-erzieher\/\",\"url\":\"https:\/\/rackow-schulen.de\/berlin\/bildungsangebot\/ausbildungen\/fachschule-erzieher\/\",\"name\":\"Fachschule Erzieher - Rackow-Schulen\",\"isPartOf\":{\"@id\":\"https:\/\/rackow-schulen.de\/berlin\/#website\"},\"primaryImageOfPage\":{\"@id\":\"https:\/\/rackow-schulen.de\/berlin\/bildungsangebot\/ausbildungen\/fachschule-erzieher\/#primaryimage\"},\"image\":{\"@id\":\"https:\/\/rackow-schulen.de\/berlin\/bildungsangebot\/ausbildungen\/fachschule-erzieher\/#primaryimage\"},\"thumbnailUrl\":\"https:\/\/rackow-schulen.de\/berlin\/wp-content\/uploads\/elementor\/thumbs\/Maria-Christoph-py8hhcgs0fg5y9ahszuin72u9581se0ew2qpiyvda4.webp\",\"datePublished\":\"2021-10-27T13:07:11+00:00\",\"dateModified\":\"2023-06-02T12:49:24+00:00\",\"description\":\"Berufsbegleitende Ausbildung zur staatlich gepr\u00fcften Erzieherin\/ zum staatlich gepr\u00fcften Erzieher. Praxisbegleitendes Fachstudium. Bewerben Sie sich jetzt.\",\"breadcrumb\":{\"@id\":\"https:\/\/rackow-schulen.de\/berlin\/bildungsangebot\/ausbildungen\/fachschule-erzieher\/#breadcrumb\"},\"inLanguage\":\"de\",\"potentialAction\":[{\"@type\":\"ReadAction\",\"target\":[\"https:\/\/rackow-schulen.de\/berlin\/bildungsangebot\/ausbildungen\/fachschule-erzieher\/\"]}]},{\"@type\":\"ImageObject\",\"inLanguage\":\"de\",\"@id\":\"https:\/\/rackow-schulen.de\/berlin\/bildungsangebot\/ausbildungen\/fachschule-erzieher\/#primaryimage\",\"url\":\"https:\/\/rackow-schulen.de\/berlin\/wp-content\/uploads\/elementor\/thumbs\/Maria-Christoph-py8hhcgs0fg5y9ahszuin72u9581se0ew2qpiyvda4.webp\",\"contentUrl\":\"https:\/\/rackow-schulen.de\/berlin\/wp-content\/uploads\/elementor\/thumbs\/Maria-Christoph-py8hhcgs0fg5y9ahszuin72u9581se0ew2qpiyvda4.webp\"},{\"@type\":\"BreadcrumbList\",\"@id\":\"https:\/\/rackow-schulen.de\/berlin\/bildungsangebot\/ausbildungen\/fachschule-erzieher\/#breadcrumb\",\"itemListElement\":[{\"@type\":\"ListItem\",\"position\":1,\"name\":\"Startseite\",\"item\":\"https:\/\/rackow-schulen.de\/berlin\/\"},{\"@type\":\"ListItem\",\"position\":2,\"name\":\"Bildungsangebot\",\"item\":\"https:\/\/rackow-schulen.de\/berlin\/bildungsangebot\/\"},{\"@type\":\"ListItem\",\"position\":3,\"name\":\"Ausbildungen\",\"item\":\"https:\/\/rackow-schulen.de\/berlin\/bildungsangebot\/ausbildungen\/\"},{\"@type\":\"ListItem\",\"position\":4,\"name\":\"Fachschule Erzieher\"}]},{\"@type\":\"WebSite\",\"@id\":\"https:\/\/rackow-schulen.de\/berlin\/#website\",\"url\":\"https:\/\/rackow-schulen.de\/berlin\/\",\"name\":\"Rackow-Schulen\",\"description\":\"Staatlich anerkannte Privatschule in Berlin und Frankfurt\",\"publisher\":{\"@id\":\"https:\/\/rackow-schulen.de\/berlin\/#organization\"},\"alternateName\":\"Rackow\",\"potentialAction\":[{\"@type\":\"SearchAction\",\"target\":{\"@type\":\"EntryPoint\",\"urlTemplate\":\"https:\/\/rackow-schulen.de\/berlin\/?s={search_term_string}\"},\"query-input\":{\"@type\":\"PropertyValueSpecification\",\"valueRequired\":true,\"valueName\":\"search_term_string\"}}],\"inLanguage\":\"de\"},{\"@type\":\"Organization\",\"@id\":\"https:\/\/rackow-schulen.de\/berlin\/#organization\",\"name\":\"Rackow-Schulen Berlin\",\"alternateName\":\"Rackow\",\"url\":\"https:\/\/rackow-schulen.de\/berlin\/\",\"logo\":{\"@type\":\"ImageObject\",\"inLanguage\":\"de\",\"@id\":\"https:\/\/rackow-schulen.de\/berlin\/#\/schema\/logo\/image\/\",\"url\":\"https:\/\/rackow-schulen.de\/berlin\/wp-content\/uploads\/2022\/11\/cropped-cropped-rackow-logo-rot.png\",\"contentUrl\":\"https:\/\/rackow-schulen.de\/berlin\/wp-content\/uploads\/2022\/11\/cropped-cropped-rackow-logo-rot.png\",\"width\":5008,\"height\":5008,\"caption\":\"Rackow-Schulen Berlin\"},\"image\":{\"@id\":\"https:\/\/rackow-schulen.de\/berlin\/#\/schema\/logo\/image\/\"},\"sameAs\":[\"https:\/\/de-de.facebook.com\/RackowSchule\",\"https:\/\/www.instagram.com\/rackowschule\/\"]}]}<\/script>\n<!-- \/ Yoast SEO Premium plugin. -->","yoast_head_json":{"title":"Fachschule Erzieher - Rackow-Schulen","description":"Berufsbegleitende Ausbildung zur staatlich gepr\u00fcften Erzieherin\/ zum staatlich gepr\u00fcften Erzieher. Praxisbegleitendes Fachstudium. Bewerben Sie sich jetzt.","robots":{"index":"index","follow":"follow","max-snippet":"max-snippet:-1","max-image-preview":"max-image-preview:large","max-video-preview":"max-video-preview:-1"},"canonical":"https:\/\/rackow-schulen.de\/berlin\/bildungsangebot\/ausbildungen\/fachschule-erzieher\/","og_locale":"de_DE","og_type":"article","og_title":"Fachschule Erzieher","og_description":"Berufsbegleitende Ausbildung zur staatlich gepr\u00fcften Erzieherin\/ zum staatlich gepr\u00fcften Erzieher. Praxisbegleitendes Fachstudium. Bewerben Sie sich jetzt.","og_url":"https:\/\/rackow-schulen.de\/berlin\/bildungsangebot\/ausbildungen\/fachschule-erzieher\/","og_site_name":"Rackow-Schulen","article_publisher":"https:\/\/de-de.facebook.com\/RackowSchule","article_modified_time":"2023-06-02T12:49:24+00:00","og_image":[{"url":"https:\/\/rackow-schulen.de\/berlin\/wp-content\/uploads\/elementor\/thumbs\/Maria-Christoph-py8hhcgs0fg5y9ahszuin72u9581se0ew2qpiyvda4.webp","type":"","width":"","height":""}],"twitter_card":"summary_large_image","twitter_misc":{"Gesch\u00e4tzte Lesezeit":"4\u00a0Minuten"},"schema":{"@context":"https:\/\/schema.org","@graph":[{"@type":"WebPage","@id":"https:\/\/rackow-schulen.de\/berlin\/bildungsangebot\/ausbildungen\/fachschule-erzieher\/","url":"https:\/\/rackow-schulen.de\/berlin\/bildungsangebot\/ausbildungen\/fachschule-erzieher\/","name":"Fachschule Erzieher - Rackow-Schulen","isPartOf":{"@id":"https:\/\/rackow-schulen.de\/berlin\/#website"},"primaryImageOfPage":{"@id":"https:\/\/rackow-schulen.de\/berlin\/bildungsangebot\/ausbildungen\/fachschule-erzieher\/#primaryimage"},"image":{"@id":"https:\/\/rackow-schulen.de\/berlin\/bildungsangebot\/ausbildungen\/fachschule-erzieher\/#primaryimage"},"thumbnailUrl":"https:\/\/rackow-schulen.de\/berlin\/wp-content\/uploads\/elementor\/thumbs\/Maria-Christoph-py8hhcgs0fg5y9ahszuin72u9581se0ew2qpiyvda4.webp","datePublished":"2021-10-27T13:07:11+00:00","dateModified":"2023-06-02T12:49:24+00:00","description":"Berufsbegleitende Ausbildung zur staatlich gepr\u00fcften Erzieherin\/ zum staatlich gepr\u00fcften Erzieher. Praxisbegleitendes Fachstudium. Bewerben Sie sich jetzt.","breadcrumb":{"@id":"https:\/\/rackow-schulen.de\/berlin\/bildungsangebot\/ausbildungen\/fachschule-erzieher\/#breadcrumb"},"inLanguage":"de","potentialAction":[{"@type":"ReadAction","target":["https:\/\/rackow-schulen.de\/berlin\/bildungsangebot\/ausbildungen\/fachschule-erzieher\/"]}]},{"@type":"ImageObject","inLanguage":"de","@id":"https:\/\/rackow-schulen.de\/berlin\/bildungsangebot\/ausbildungen\/fachschule-erzieher\/#primaryimage","url":"https:\/\/rackow-schulen.de\/berlin\/wp-content\/uploads\/elementor\/thumbs\/Maria-Christoph-py8hhcgs0fg5y9ahszuin72u9581se0ew2qpiyvda4.webp","contentUrl":"https:\/\/rackow-schulen.de\/berlin\/wp-content\/uploads\/elementor\/thumbs\/Maria-Christoph-py8hhcgs0fg5y9ahszuin72u9581se0ew2qpiyvda4.webp"},{"@type":"BreadcrumbList","@id":"https:\/\/rackow-schulen.de\/berlin\/bildungsangebot\/ausbildungen\/fachschule-erzieher\/#breadcrumb","itemListElement":[{"@type":"ListItem","position":1,"name":"Startseite","item":"https:\/\/rackow-schulen.de\/berlin\/"},{"@type":"ListItem","position":2,"name":"Bildungsangebot","item":"https:\/\/rackow-schulen.de\/berlin\/bildungsangebot\/"},{"@type":"ListItem","position":3,"name":"Ausbildungen","item":"https:\/\/rackow-schulen.de\/berlin\/bildungsangebot\/ausbildungen\/"},{"@type":"ListItem","position":4,"name":"Fachschule Erzieher"}]},{"@type":"WebSite","@id":"https:\/\/rackow-schulen.de\/berlin\/#website","url":"https:\/\/rackow-schulen.de\/berlin\/","name":"Rackow-Schulen","description":"Staatlich anerkannte Privatschule in Berlin und Frankfurt","publisher":{"@id":"https:\/\/rackow-schulen.de\/berlin\/#organization"},"alternateName":"Rackow","potentialAction":[{"@type":"SearchAction","target":{"@type":"EntryPoint","urlTemplate":"https:\/\/rackow-schulen.de\/berlin\/?s={search_term_string}"},"query-input":{"@type":"PropertyValueSpecification","valueRequired":true,"valueName":"search_term_string"}}],"inLanguage":"de"},{"@type":"Organization","@id":"https:\/\/rackow-schulen.de\/berlin\/#organization","name":"Rackow-Schulen Berlin","alternateName":"Rackow","url":"https:\/\/rackow-schulen.de\/berlin\/","logo":{"@type":"ImageObject","inLanguage":"de","@id":"https:\/\/rackow-schulen.de\/berlin\/#\/schema\/logo\/image\/","url":"https:\/\/rackow-schulen.de\/berlin\/wp-content\/uploads\/2022\/11\/cropped-cropped-rackow-logo-rot.png","contentUrl":"https:\/\/rackow-schulen.de\/berlin\/wp-content\/uploads\/2022\/11\/cropped-cropped-rackow-logo-rot.png","width":5008,"height":5008,"caption":"Rackow-Schulen Berlin"},"image":{"@id":"https:\/\/rackow-schulen.de\/berlin\/#\/schema\/logo\/image\/"},"sameAs":["https:\/\/de-de.facebook.com\/RackowSchule","https:\/\/www.instagram.com\/rackowschule\/"]}]}},"_links":{"self":[{"href":"https:\/\/rackow-schulen.de\/berlin\/wp-json\/wp\/v2\/pages\/1435","targetHints":{"allow":["GET"]}}],"collection":[{"href":"https:\/\/rackow-schulen.de\/berlin\/wp-json\/wp\/v2\/pages"}],"about":[{"href":"https:\/\/rackow-schulen.de\/berlin\/wp-json\/wp\/v2\/types\/page"}],"author":[{"embeddable":true,"href":"https:\/\/rackow-schulen.de\/berlin\/wp-json\/wp\/v2\/users\/1"}],"replies":[{"embeddable":true,"href":"https:\/\/rackow-schulen.de\/berlin\/wp-json\/wp\/v2\/comments?post=1435"}],"version-history":[{"count":312,"href":"https:\/\/rackow-schulen.de\/berlin\/wp-json\/wp\/v2\/pages\/1435\/revisions"}],"predecessor-version":[{"id":13564,"href":"https:\/\/rackow-schulen.de\/berlin\/wp-json\/wp\/v2\/pages\/1435\/revisions\/13564"}],"up":[{"embeddable":true,"href":"https:\/\/rackow-schulen.de\/berlin\/wp-json\/wp\/v2\/pages\/1362"}],"wp:attachment":[{"href":"https:\/\/rackow-schulen.de\/berlin\/wp-json\/wp\/v2\/media?parent=1435"}],"curies":[{"name":"wp","href":"https:\/\/api.w.org\/{rel}","templated":true}]}}